{"id":6073,"date":"2009-10-02T19:18:54","date_gmt":"2009-10-02T17:18:54","guid":{"rendered":"http:\/\/localhost\/wordpress\/?page_id=2"},"modified":"2023-07-30T13:18:29","modified_gmt":"2023-07-30T11:18:29","slug":"editorial","status":"publish","type":"page","link":"https:\/\/veredes.es\/blog\/editorial\/","title":{"rendered":"editorial"},"content":{"rendered":"<p><\/p>\n<p style=\"text-align: justify;\"><strong>veredes, arquitectura y divulgaci\u00f3n<\/strong> surge enero de 2009 como b\u00fasqueda de satisfacer el conocimiento de la actividad arquitect\u00f3nica y tangentes que se generan. La idea es crear un espacio para divulgar los diversos proyectos en busca de nueva inspiraci\u00f3n y de intercambio. Adem\u00e1s de ofrecer la inmediatez de las noticias, se puede buscar informaci\u00f3n a trav\u00e9s de distintas clasificaciones.<\/p>\n<h6 style=\"text-align: justify;\"><strong>Las secciones actuales:<\/strong><\/h6>\n<p style=\"padding-left: 30px; text-align: justify;\"><strong>\u00b7 art\u00edculos<\/strong>: de tem\u00e1tica variada de profesionales de distintos campos, acerc\u00e1ndolos al p\u00fablico;<\/p>\n<p style=\"padding-left: 30px; text-align: justify;\"><strong>\u00b7 faro<\/strong>: art\u00edculos de cr\u00edtica sobre la arquitectura o tangentes;<\/p>\n<p style=\"padding-left: 30px; text-align: justify;\"><strong>\u00b7 obras<\/strong>: regularmente se divulgar\u00e1n las obras de profesionales de distintos campos, acerc\u00e1ndolos al p\u00fablico;<\/p>\n<p style=\"padding-left: 30px; text-align: justify;\">\u00b7<strong> nasa<\/strong>: ilustraciones reflexivas de diferentes autores;<\/p>\n<p style=\"padding-left: 30px; text-align: justify;\"><strong>\u00b7 baliza<\/strong>: el objetivo es presentar v\u00edas tangentes dentro de la profesi\u00f3n de arquitecto;<\/p>\n<p style=\"padding-left: 30px; text-align: justify;\"><strong>\u00b7 aparejo<\/strong>: presentar nuevos \u201cherramientas\u201d que pudiesen ser \u00fatiles para desarrollar y facilitar la labor del arquitecto.<\/p>\n<p style=\"padding-left: 30px; text-align: justify;\"><strong>\u00b7 eventos<\/strong>: secci\u00f3n que dar\u00e1 cuenta de distintas actividades, tales como conferencias, talleres, exposiciones, etc;<\/p>\n<p style=\"padding-left: 30px; text-align: justify;\"><strong>\u00b7 deriva<\/strong>: actividades organizadas o coorganizadas por veredes.<\/p>\n<p style=\"padding-left: 30px; text-align: justify;\"><strong>\u00b7 publicaciones<\/strong>: libros y revistas de inter\u00e9s;<\/p>\n<p style=\"padding-left: 30px; text-align: justify;\"><strong>\u00b7 capturas<\/strong>: art\u00edculos de inter\u00e9s sobre tem\u00e1ticas afines a la arquitectura;<\/p>\n<p style=\"padding-left: 30px; text-align: justify;\"><strong style=\"text-align: justify;\">\u00b7 tv<\/strong>: v\u00eddeos sobre arquitectura o tangentes;<\/p>\n<p style=\"padding-left: 30px; text-align: justify;\"><strong>\u00b7 <a href=\"http:\/\/veredes.es\/vad\/\" target=\"_blank\" rel=\"noopener\">VAD. veredes, arquitectura y divulgaci\u00f3n<\/a><\/strong>: revista cient\u00edfica de arquitectura<\/p>\n<p style=\"text-align: justify;\">Este blog es un proceso abierto en el que se agradece la colaboraci\u00f3n para ayudar a mejorar y aumentar la calidad de la informaci\u00f3n. Por tanto mostrar nuestro agradecimiento a todos los que, de una forma u otra, como aficionados o profesionales, participan en el d\u00eda a d\u00eda en la consolidaci\u00f3n de este espacio de intercambio, que pretende mejorar y ampliar sus contenidos. Un blog que espera ser muy activo y espacio de consolidaci\u00f3n para todos.<\/p>\n<p style=\"padding-left: 30px;\"><strong>ISSN 2603-6401\u00a0|\u00a0veredes\u00a0| Arquitectura y divulgaci\u00f3n est\u00e1 editado en Lugo por Alberto Alonso Oro.\u00a0<\/strong><\/p>\n<h5 style=\"text-align: justify;\"><a href=\"http:\/\/veredes.es\/vad\/\" target=\"_blank\" rel=\"noopener noreferrer\"><strong>VAD. veredes, arquitectura y divulgaci\u00f3<em>n<\/em><\/strong><\/a><\/h5>\n<p style=\"text-align: justify;\">Es una revista cient\u00edfica internacional de periodicidad semestral y formato digital y f\u00edsico que pretende ser un canal de difusi\u00f3n de trabajos y reflexiones centrados en la cultura, la teor\u00eda y el proyecto de arquitectura.<\/p>\n<p style=\"padding-left: 30px; text-align: justify;\"><strong>ISSN 2659-9198<\/strong>\u00a0Edici\u00f3n digital<\/p>\n<p style=\"padding-left: 30px; text-align: justify;\"><strong>ISSN 2659-9139\u00a0<\/strong>Edicion impresa<\/p>\n<p style=\"padding-left: 30px; text-align: justify;\"><strong>DL LU-78-2019\u00a0<\/strong>Dep\u00f3sito Legal<\/p>\n<h3><strong>CC BY-NC-SA 4.0<\/strong><\/h3>\n<p style=\"text-align: justify;\"><strong>v<\/strong><strong>eredes, a<\/strong><strong>rquitectura y divulgaci\u00f3n<\/strong><em>\u00a0<\/em>ofrece acceso abierto a todo el contenido publicado, con el objetivo de potenciar una investigaci\u00f3n gratuita y accesible a todo el mundo, apoyando as\u00ed un intercambio de conocimiento global.\u00a0Se publica bajo el sistema de licencias\u00a0<a href=\"https:\/\/creativecommons.org\/licenses\/by-nc-sa\/4.0\/deed.es\" target=\"_blank\" rel=\"noopener\">\u00abCreative Commons Reconocimiento-No comercial 4.0\u00bb (CC-BY-NC-SA),<\/a> cumpliendo con la iniciativa de Acceso Abierto de Budapest (Budapest Open Access Initiative, BOAI).<\/p>\n<p style=\"padding-left: 40px;\">\u00a9 Im\u00e1genes: sus autores<br \/>\n\u00a9 Textos: sus autores\/instituciones<\/p>\n<p style=\"text-align: justify;\">En este sentido, todos los autores\/as tienen derecho a proteger y conservar la propiedad intelectual sobre sus trabajos.<\/p>\n<h3><strong>Actividades que organiza<\/strong>:<\/h3>\n<p style=\"text-align: justify;\"><strong>&#8211; Eso dicen<\/strong><br \/>\n<em>Eso dicen<\/em> es un ciclo de sesiones-coloquio en el que participar\u00e1n arquitectos gallegos pertenecientes a distintas generaciones con la intenci\u00f3n de presentar un amplio espectro de enfoques de la disciplina: construcci\u00f3n, docencia, divulgaci\u00f3n, investigaci\u00f3n e hibridaci\u00f3n con otros campos. En todos los casos, el tel\u00f3n de fondo ser\u00e1 una reflexi\u00f3n acerca del papel del arquitecto en el momento actual y sus m\u00faltiples redefiniciones.<\/p>\n<p style=\"text-align: justify;\">Cada sesi\u00f3n se dividir\u00e1 en media hora de presentaci\u00f3n del arquitecto invitado y otros treinta minutos de coloquio entre los asistentes y el ponente. Tanto la charla como la conversaci\u00f3n posterior tendr\u00e1n un car\u00e1cter informal y distendido.<\/p>\n<p style=\"text-align: justify;\">Organiza:<br \/>\nAlberto Alonso Oro [veredes.es]<br \/>\nMaria Olmo B\u00e9jar + Borja L\u00f3pez Cotelo [lasonceymedia.com]<br \/>\nDesde 2013<\/p>\n<p style=\"text-align: justify;\"><a href=\"https:\/\/veredes.es\/blog\/category\/deriva\/\"><img loading=\"lazy\" decoding=\"async\" class=\"alignnone\" title=\"Eso dicen\" src=\"http:\/\/veredes.es\/blog\/wp-content\/themes\/veredes_ske\/imgs\/sidebar\/logo_esodicen.png\" alt=\"Eso dicen\" width=\"200\" height=\"183\" \/><\/a><\/p>\n<p style=\"text-align: justify;\"><strong>&#8211; en transito<\/strong><br \/>\nBusca ser un lugar de encuentro virtual donde los arquitectos puedan informarse, prepararse, capacitarse y conocer como lo han hecho otros arquitectos que ya trabajan en el mundo, as\u00ed como compartir su experiencia y opini\u00f3n.<br \/>\nDesde 2012<\/p>\n<p style=\"text-align: justify;\"><strong><img loading=\"lazy\" decoding=\"async\" class=\"alignnone\" title=\"en transito\" src=\"http:\/\/veredes.es\/blog\/wp-content\/themes\/veredes_ske\/imgs\/sidebar\/logo_entransito.png\" alt=\"en transito\" width=\"200\" height=\"62\" \/><\/strong><\/p>\n<h3 style=\"text-align: justify;\"><strong>Actividades que apoya<\/strong>:<\/h3>\n<p style=\"text-align: justify;\"><strong>-Premio Europeo de Intervenci\u00f3n en el Patrimonio Arquitect\u00f3nico AADIPA<\/strong><br \/>\nEl <a href=\"https:\/\/eu-architecturalheritage.org\/public\/es\/presentacion\" target=\"_blank\" rel=\"noopener noreferrer\">premio <\/a>surge del convencimiento que el patrimonio, como veh\u00edculo de integraci\u00f3n social y recurso econ\u00f3mico dinamizador de las sociedades, merece ser revalorizado e incentivado. En el contexto actual, en que el patrimonio arquitect\u00f3nico adem\u00e1s de un instrumento fundamental de conocimiento es considerado un recurso socio-econ\u00f3mico de primer orden para el desarrollo sostenible de los territorios, resulta imprescindible la divulgaci\u00f3n, distinci\u00f3n y reconocimiento de las obras y proyectos de calidad que contribuyen a la preservaci\u00f3n de la memoria colectiva.<br \/>\nDesde 2015<\/p>\n<p><img loading=\"lazy\" decoding=\"async\" class=\"alignnone\" title=\"Premio Europeo de Intervenci\u00f3n en el Patrimonio Arquitect\u00f3nico AADIPA\" src=\"http:\/\/veredes.es\/blog\/wp-content\/themes\/veredes_ske\/imgs\/sidebar\/logo_aadipa.png\" alt=\"Premio Europeo de Intervenci\u00f3n en el Patrimonio Arquitect\u00f3nico AADIPA\" width=\"200\" height=\"70\" \/><\/p>\n<p style=\"text-align: justify;\">&#8211; <strong>RE-construye \u2018La Roiba\u2019<\/strong><br \/>\nProyecto de<em> crowdfunding<\/em> para la rehabilitaci\u00f3n de la vivienda <strong>La Roiba<\/strong>, situada dentro de la ensenada de Bueu y muy pr\u00f3ximo a la playa de Beluso, en la costa sur de la r\u00eda de Pontevedra del arquitecto coru\u00f1\u00e9s Ram\u00f3n V\u00e1zquez Molez\u00fan. Este peque\u00f1o refugio constituye una de las obras m\u00e1s relevantes de la arquitectura moderna del siglo XX en Espa\u00f1a.<br \/>\nDesde 2014<\/p>\n<p style=\"text-align: justify;\"><a href=\"https:\/\/veredes.es\/blog\/wp-content\/uploads\/2009\/10\/10487289_262875070570479_2031900205958432372_n.jpg\"><img loading=\"lazy\" decoding=\"async\" class=\"alignnone wp-image-47105\" title=\"RE-construye \u2018La Roiba\u2019\" src=\"http:\/\/veredes.es\/blog\/wp-content\/uploads\/2009\/10\/10487289_262875070570479_2031900205958432372_n-150x150.jpg\" alt=\"RE-construye \u2018La Roiba\u2019\" width=\"200\" height=\"200\" srcset=\"https:\/\/veredes.es\/blog\/wp-content\/uploads\/2009\/10\/10487289_262875070570479_2031900205958432372_n-150x150.jpg 150w, https:\/\/veredes.es\/blog\/wp-content\/uploads\/2009\/10\/10487289_262875070570479_2031900205958432372_n-300x300.jpg 300w, https:\/\/veredes.es\/blog\/wp-content\/uploads\/2009\/10\/10487289_262875070570479_2031900205958432372_n-120x120.jpg 120w, https:\/\/veredes.es\/blog\/wp-content\/uploads\/2009\/10\/10487289_262875070570479_2031900205958432372_n.jpg 698w\" sizes=\"auto, (max-width: 200px) 100vw, 200px\" \/><\/a><\/p>\n<p style=\"text-align: justify;\"><strong>&#8211; Jornadas De La Sota en Pontevedra. 1913-2013<\/strong><br \/>\nEl pr\u00f3ximo d\u00eda 20 de Octubre de 2013 se cumple el centenario del nacimiento del Arquitecto Alejandro de la Sota. Para celebrar esta efem\u00e9ride se organizan unas Jornadas en torno a su persona, ideas y obra, de la mano de su familia, colaboradores y estudiosos. En estas jornadas se realizar\u00e1n visitas a las obras que levanto en su ciudad natal, Pontevedra, como son la Misi\u00f3n Biol\u00f3gica de Galicia, Pabell\u00f3n de Deportes, Edificio de Viviendas en la antigua calle Gondomar ahora Arquitecto dela Sota (piso tipo, \u00e1tico y azotea) y la Casa Dom\u00ednguez de A Caeira.<\/p>\n<p style=\"text-align: justify;\"><a href=\"https:\/\/veredes.es\/blog\/wp-content\/uploads\/2009\/10\/banner_cat.jpg\"><img loading=\"lazy\" decoding=\"async\" class=\"alignnone wp-image-36012\" title=\"Jornadas De La Sota en Pontevedra. 1913-2013\" src=\"https:\/\/veredes.es\/blog\/wp-content\/uploads\/2009\/10\/banner_cat.jpg\" alt=\"Jornadas De La Sota en Pontevedra. 1913-2013\" width=\"620\" height=\"57\" srcset=\"https:\/\/veredes.es\/blog\/wp-content\/uploads\/2009\/10\/banner_cat.jpg 980w, https:\/\/veredes.es\/blog\/wp-content\/uploads\/2009\/10\/banner_cat-300x27.jpg 300w\" sizes=\"auto, (max-width: 620px) 100vw, 620px\" \/><\/a><\/p>\n<p style=\"text-align: justify;\"><strong>Metag\u00e9nesix= Metag\u00e9nesis + x<\/strong><br \/>\n<em>Nueva Arquitectura de Galicia= Biol. f. Alteraci\u00f3n de generaciones o generaci\u00f3n alternante de las especies vivas + Sociol. f. Generaci\u00f3n X, nacidos en los 70`s.<\/em> Bajo el t\u00edtulo de Metag\u00e9nesix se presenta una muestra de la Nueva Arquitectura que se realiza en Galicia. En este tiempo de temores e inestabilidades, aparece una nueva generaci\u00f3n \u201calterada\u201d y \u201calternante\u201d, formada mayoritariamente en Galicia, que genera un gran optimismo por la calidad y cantidad de sus trabajos.<br \/>\nDesde 2011 hasta 2013<\/p>\n<p style=\"text-align: justify;\"><strong>&#8211; Pechakucha Night Coru\u00f1a<\/strong><br \/>\nPechakucha es un evento que se ha celebrado en m\u00e1s de 250 ciudades del mundo desde que en febrero de 2003 se celebr\u00f3 el primero de ellos en Tokyo, Jap\u00f3n. En Pechakucha, profesionales de diferentes campos relacionados con el dise\u00f1o, el arte y la arquitectura explican su obra, adaptando su discurso al formato 20\u00d720: veinte im\u00e1genes proyectadas durante veinte segundos cada una. As\u00ed, cada ponencia se limita a 6 minutos y 40 segundos. La entrada a PechaKucha Night es gratuita.<br \/>\nDesde 2009 hasta 2013<\/p>\n<p><\/p>","protected":false},"excerpt":{"rendered":"<p>veredes, arquitectura y divulgaci\u00f3n surge enero de 2009 como b\u00fasqueda de satisfacer el conocimiento de la actividad arquitect\u00f3nica y tangentes que se generan. La idea es crear un espacio para divulgar los diversos proyectos en busca de nueva inspiraci\u00f3n y de intercambio. Adem\u00e1s de ofrecer la inmediatez de las noticias, se puede buscar informaci\u00f3n a [&hellip;]<\/p>\n","protected":false},"author":2,"featured_media":0,"parent":0,"menu_order":1,"comment_status":"closed","ping_status":"closed","template":"","meta":{"footnotes":""},"class_list":["post-6073","page","type-page","status-publish"],"yoast_head":"<!-- This site is optimized with the Yoast SEO plugin v27.5 - https:\/\/yoast.com\/product\/yoast-seo-wordpress\/ -->\n<title>editorial - veredes<\/title>\n<meta name=\"description\" content=\"Toda la informaci\u00f3n sobre: editorial Un espacio para divulgar los diversos proyectos en busca de nueva inspiraci\u00f3n y de intercambio.\" \/>\n<meta name=\"robots\" content=\"index, follow, max-snippet:-1, max-image-preview:large, max-video-preview:-1\" \/>\n<link rel=\"canonical\" href=\"https:\/\/veredes.es\/blog\/editorial\/\" \/>\n<meta property=\"og:locale\" content=\"es_ES\" \/>\n<meta property=\"og:type\" content=\"article\" \/>\n<meta property=\"og:title\" content=\"editorial - veredes\" \/>\n<meta property=\"og:description\" content=\"Toda la informaci\u00f3n sobre: editorial Un espacio para divulgar los diversos proyectos en busca de nueva inspiraci\u00f3n y de intercambio.\" \/>\n<meta property=\"og:url\" content=\"https:\/\/veredes.es\/blog\/editorial\/\" \/>\n<meta property=\"og:site_name\" content=\"veredes, arquitectura y divulgaci\u00f3n\" \/>\n<meta property=\"article:publisher\" content=\"https:\/\/www.facebook.com\/veredesArquitecturayDivulgacion\/\" \/>\n<meta property=\"article:modified_time\" content=\"2023-07-30T11:18:29+00:00\" \/>\n<meta property=\"og:image\" content=\"http:\/\/veredes.es\/blog\/wp-content\/themes\/veredes_ske\/imgs\/sidebar\/logo_esodicen.png\" \/>\n<meta name=\"twitter:card\" content=\"summary_large_image\" \/>\n<meta name=\"twitter:site\" content=\"@veredes\" \/>\n<meta name=\"twitter:label1\" content=\"Tiempo de lectura\" \/>\n\t<meta name=\"twitter:data1\" content=\"6 minutos\" \/>\n<script type=\"application\/ld+json\" class=\"yoast-schema-graph\">{\"@context\":\"https:\\\/\\\/schema.org\",\"@graph\":[{\"@type\":\"WebPage\",\"@id\":\"https:\\\/\\\/veredes.es\\\/blog\\\/editorial\\\/\",\"url\":\"https:\\\/\\\/veredes.es\\\/blog\\\/editorial\\\/\",\"name\":\"editorial - veredes\",\"isPartOf\":{\"@id\":\"https:\\\/\\\/veredes.es\\\/blog\\\/#website\"},\"primaryImageOfPage\":{\"@id\":\"https:\\\/\\\/veredes.es\\\/blog\\\/editorial\\\/#primaryimage\"},\"image\":{\"@id\":\"https:\\\/\\\/veredes.es\\\/blog\\\/editorial\\\/#primaryimage\"},\"thumbnailUrl\":\"http:\\\/\\\/veredes.es\\\/blog\\\/wp-content\\\/themes\\\/veredes_ske\\\/imgs\\\/sidebar\\\/logo_esodicen.png\",\"datePublished\":\"2009-10-02T17:18:54+00:00\",\"dateModified\":\"2023-07-30T11:18:29+00:00\",\"description\":\"Toda la informaci\u00f3n sobre: editorial Un espacio para divulgar los diversos proyectos en busca de nueva inspiraci\u00f3n y de intercambio.\",\"breadcrumb\":{\"@id\":\"https:\\\/\\\/veredes.es\\\/blog\\\/editorial\\\/#breadcrumb\"},\"inLanguage\":\"es\",\"potentialAction\":[{\"@type\":\"ReadAction\",\"target\":[\"https:\\\/\\\/veredes.es\\\/blog\\\/editorial\\\/\"]}]},{\"@type\":\"ImageObject\",\"inLanguage\":\"es\",\"@id\":\"https:\\\/\\\/veredes.es\\\/blog\\\/editorial\\\/#primaryimage\",\"url\":\"http:\\\/\\\/veredes.es\\\/blog\\\/wp-content\\\/themes\\\/veredes_ske\\\/imgs\\\/sidebar\\\/logo_esodicen.png\",\"contentUrl\":\"http:\\\/\\\/veredes.es\\\/blog\\\/wp-content\\\/themes\\\/veredes_ske\\\/imgs\\\/sidebar\\\/logo_esodicen.png\"},{\"@type\":\"BreadcrumbList\",\"@id\":\"https:\\\/\\\/veredes.es\\\/blog\\\/editorial\\\/#breadcrumb\",\"itemListElement\":[{\"@type\":\"ListItem\",\"position\":1,\"name\":\"Portada\",\"item\":\"https:\\\/\\\/veredes.es\\\/blog\\\/\"},{\"@type\":\"ListItem\",\"position\":2,\"name\":\"editorial\"}]},{\"@type\":\"WebSite\",\"@id\":\"https:\\\/\\\/veredes.es\\\/blog\\\/#website\",\"url\":\"https:\\\/\\\/veredes.es\\\/blog\\\/\",\"name\":\"veredes, arquitectura y divulgaci\u00f3n\",\"description\":\"veredes\",\"publisher\":{\"@id\":\"https:\\\/\\\/veredes.es\\\/blog\\\/#organization\"},\"alternateName\":\"veredes\",\"potentialAction\":[{\"@type\":\"SearchAction\",\"target\":{\"@type\":\"EntryPoint\",\"urlTemplate\":\"https:\\\/\\\/veredes.es\\\/blog\\\/?s={search_term_string}\"},\"query-input\":{\"@type\":\"PropertyValueSpecification\",\"valueRequired\":true,\"valueName\":\"search_term_string\"}}],\"inLanguage\":\"es\"},{\"@type\":\"Organization\",\"@id\":\"https:\\\/\\\/veredes.es\\\/blog\\\/#organization\",\"name\":\"veredes, arquitectura y divulgaci\u00f3n\",\"alternateName\":\"veredes\",\"url\":\"https:\\\/\\\/veredes.es\\\/blog\\\/\",\"logo\":{\"@type\":\"ImageObject\",\"inLanguage\":\"es\",\"@id\":\"https:\\\/\\\/veredes.es\\\/blog\\\/#\\\/schema\\\/logo\\\/image\\\/\",\"url\":\"https:\\\/\\\/veredes.es\\\/blog\\\/wp-content\\\/uploads\\\/2021\\\/12\\\/veredes-logo-centrado_140x54.png\",\"contentUrl\":\"https:\\\/\\\/veredes.es\\\/blog\\\/wp-content\\\/uploads\\\/2021\\\/12\\\/veredes-logo-centrado_140x54.png\",\"width\":140,\"height\":54,\"caption\":\"veredes, arquitectura y divulgaci\u00f3n\"},\"image\":{\"@id\":\"https:\\\/\\\/veredes.es\\\/blog\\\/#\\\/schema\\\/logo\\\/image\\\/\"},\"sameAs\":[\"https:\\\/\\\/www.facebook.com\\\/veredesArquitecturayDivulgacion\\\/\",\"https:\\\/\\\/x.com\\\/veredes\",\"https:\\\/\\\/instagram.com\\\/veredes\\\/\",\"https:\\\/\\\/www.linkedin.com\\\/company\\\/veredes-arquitectura-y-divulgacion\\\/\",\"https:\\\/\\\/es.pinterest.com\\\/veredes\\\/\",\"https:\\\/\\\/www.tumblr.com\\\/veredes\"]}]}<\/script>\n<!-- \/ Yoast SEO plugin. -->","yoast_head_json":{"title":"editorial - veredes","description":"Toda la informaci\u00f3n sobre: editorial Un espacio para divulgar los diversos proyectos en busca de nueva inspiraci\u00f3n y de intercambio.","robots":{"index":"index","follow":"follow","max-snippet":"max-snippet:-1","max-image-preview":"max-image-preview:large","max-video-preview":"max-video-preview:-1"},"canonical":"https:\/\/veredes.es\/blog\/editorial\/","og_locale":"es_ES","og_type":"article","og_title":"editorial - veredes","og_description":"Toda la informaci\u00f3n sobre: editorial Un espacio para divulgar los diversos proyectos en busca de nueva inspiraci\u00f3n y de intercambio.","og_url":"https:\/\/veredes.es\/blog\/editorial\/","og_site_name":"veredes, arquitectura y divulgaci\u00f3n","article_publisher":"https:\/\/www.facebook.com\/veredesArquitecturayDivulgacion\/","article_modified_time":"2023-07-30T11:18:29+00:00","og_image":[{"url":"http:\/\/veredes.es\/blog\/wp-content\/themes\/veredes_ske\/imgs\/sidebar\/logo_esodicen.png","type":"","width":"","height":""}],"twitter_card":"summary_large_image","twitter_site":"@veredes","twitter_misc":{"Tiempo de lectura":"6 minutos"},"schema":{"@context":"https:\/\/schema.org","@graph":[{"@type":"WebPage","@id":"https:\/\/veredes.es\/blog\/editorial\/","url":"https:\/\/veredes.es\/blog\/editorial\/","name":"editorial - veredes","isPartOf":{"@id":"https:\/\/veredes.es\/blog\/#website"},"primaryImageOfPage":{"@id":"https:\/\/veredes.es\/blog\/editorial\/#primaryimage"},"image":{"@id":"https:\/\/veredes.es\/blog\/editorial\/#primaryimage"},"thumbnailUrl":"http:\/\/veredes.es\/blog\/wp-content\/themes\/veredes_ske\/imgs\/sidebar\/logo_esodicen.png","datePublished":"2009-10-02T17:18:54+00:00","dateModified":"2023-07-30T11:18:29+00:00","description":"Toda la informaci\u00f3n sobre: editorial Un espacio para divulgar los diversos proyectos en busca de nueva inspiraci\u00f3n y de intercambio.","breadcrumb":{"@id":"https:\/\/veredes.es\/blog\/editorial\/#breadcrumb"},"inLanguage":"es","potentialAction":[{"@type":"ReadAction","target":["https:\/\/veredes.es\/blog\/editorial\/"]}]},{"@type":"ImageObject","inLanguage":"es","@id":"https:\/\/veredes.es\/blog\/editorial\/#primaryimage","url":"http:\/\/veredes.es\/blog\/wp-content\/themes\/veredes_ske\/imgs\/sidebar\/logo_esodicen.png","contentUrl":"http:\/\/veredes.es\/blog\/wp-content\/themes\/veredes_ske\/imgs\/sidebar\/logo_esodicen.png"},{"@type":"BreadcrumbList","@id":"https:\/\/veredes.es\/blog\/editorial\/#breadcrumb","itemListElement":[{"@type":"ListItem","position":1,"name":"Portada","item":"https:\/\/veredes.es\/blog\/"},{"@type":"ListItem","position":2,"name":"editorial"}]},{"@type":"WebSite","@id":"https:\/\/veredes.es\/blog\/#website","url":"https:\/\/veredes.es\/blog\/","name":"veredes, arquitectura y divulgaci\u00f3n","description":"veredes","publisher":{"@id":"https:\/\/veredes.es\/blog\/#organization"},"alternateName":"veredes","potentialAction":[{"@type":"SearchAction","target":{"@type":"EntryPoint","urlTemplate":"https:\/\/veredes.es\/blog\/?s={search_term_string}"},"query-input":{"@type":"PropertyValueSpecification","valueRequired":true,"valueName":"search_term_string"}}],"inLanguage":"es"},{"@type":"Organization","@id":"https:\/\/veredes.es\/blog\/#organization","name":"veredes, arquitectura y divulgaci\u00f3n","alternateName":"veredes","url":"https:\/\/veredes.es\/blog\/","logo":{"@type":"ImageObject","inLanguage":"es","@id":"https:\/\/veredes.es\/blog\/#\/schema\/logo\/image\/","url":"https:\/\/veredes.es\/blog\/wp-content\/uploads\/2021\/12\/veredes-logo-centrado_140x54.png","contentUrl":"https:\/\/veredes.es\/blog\/wp-content\/uploads\/2021\/12\/veredes-logo-centrado_140x54.png","width":140,"height":54,"caption":"veredes, arquitectura y divulgaci\u00f3n"},"image":{"@id":"https:\/\/veredes.es\/blog\/#\/schema\/logo\/image\/"},"sameAs":["https:\/\/www.facebook.com\/veredesArquitecturayDivulgacion\/","https:\/\/x.com\/veredes","https:\/\/instagram.com\/veredes\/","https:\/\/www.linkedin.com\/company\/veredes-arquitectura-y-divulgacion\/","https:\/\/es.pinterest.com\/veredes\/","https:\/\/www.tumblr.com\/veredes"]}]}},"_links":{"self":[{"href":"https:\/\/veredes.es\/blog\/wp-json\/wp\/v2\/pages\/6073","targetHints":{"allow":["GET"]}}],"collection":[{"href":"https:\/\/veredes.es\/blog\/wp-json\/wp\/v2\/pages"}],"about":[{"href":"https:\/\/veredes.es\/blog\/wp-json\/wp\/v2\/types\/page"}],"author":[{"embeddable":true,"href":"https:\/\/veredes.es\/blog\/wp-json\/wp\/v2\/users\/2"}],"replies":[{"embeddable":true,"href":"https:\/\/veredes.es\/blog\/wp-json\/wp\/v2\/comments?post=6073"}],"version-history":[{"count":0,"href":"https:\/\/veredes.es\/blog\/wp-json\/wp\/v2\/pages\/6073\/revisions"}],"wp:attachment":[{"href":"https:\/\/veredes.es\/blog\/wp-json\/wp\/v2\/media?parent=6073"}],"curies":[{"name":"wp","href":"https:\/\/api.w.org\/{rel}","templated":true}]}}